{"id":218,"date":"2017-02-16T14:59:37","date_gmt":"2017-02-16T13:59:37","guid":{"rendered":"http:\/\/kondensteknik.se\/?page_id=218"},"modified":"2025-10-02T08:49:27","modified_gmt":"2025-10-02T06:49:27","slug":"kondensforloppet","status":"publish","type":"page","link":"https:\/\/kondensteknik.se\/index.php\/kondensforloppet\/","title":{"rendered":"Kondensf\u00f6rloppet"},"content":{"rendered":"<h3><span class=\"_5yl5\" style=\"color: #006aae;\"><strong>Hur uppst\u00e5r kondens ?<\/strong><\/span><\/h3>\n<p><span class=\"_5yl5\">Kondens uppst\u00e5r n\u00e4r varm fuktig luft tr\u00e4ffar en tillr\u00e4ckligt kall yta. Luft kan v1d varje temperatur endast h\u00e5lla kvar en viss maximal m\u00e4ngd vatten\u00e5nga. Ju h\u00f6gre temperatur luften har desto mer vatten\u00e5nga kan luften b\u00e4ra. Om nu varm &#8221;om\u00e4ttad &#8221; luft tr\u00e4ffar en kall yta, och n\u00e5r den temperatur d\u00e4r luften blir m\u00e4ttad, den s.k. daggpunkten, m\u00e5ste luften sl\u00e4ppa ifr\u00e5n sig det vatten den inte kan b\u00e4ra. Kondens uppst\u00e5r p\u00e5 ytan.<\/span><\/p>\n<h3><span class=\"_5yl5\" style=\"color: #006aae;\"><strong>N\u00e4r och var uppst\u00e5r kondens ?<\/strong><\/span><\/h3>\n<p><span class=\"_5yl5\">Imma p\u00e5 f\u00f6nster och badrumsspeglar \u00e4r vanliga vardagliga exempel p\u00e5 kondens. Ett lika vanligt men mer sv\u00e5rbem\u00e4strat problem \u00e4r kondensbildning p\u00e5 insidan av oisolerade tak och v\u00e4ggar vid kallt och fuktigt v\u00e4der. Oftast \u00e4r det fr\u00e5ga om pl\u00e5ttak men det kan ocks\u00e5 g\u00e4lla v\u00e4ggarna i t ex lagerbyggnader, terminaler, garage, b\u00e5tskrov, j\u00e4rnv\u00e4gsvagnar och containers.<\/span><\/p>\n<p><span class=\"_5yl5\">Om sn\u00f6slask ligger kvar p\u00e5 oisolerade pl\u00e5ttak, kan m\u00e4ngden kondens l\u00e4tt uppg\u00e5 till mer \u00e4n 200 g\/m\u00b2. Ett mindre k\u00e4nt fenomen \u00e4r att utstr\u00e5lningen av v\u00e4rme mot en klar natthimmel kan s\u00e4nka temperaturen i ett pl\u00e5ttak s\u00e5 att den ligger 5\u02daC under ytterluftens temperatur.<\/span><\/p>\n<p><span class=\"_5yl5\">Luften inne i byggnaden \u00e4r fortfarande vann och h\u00e5ller d\u00e4rf\u00f6r fortfarande relativt stora m\u00e4ngder fukt som kondenserar mot taket. Eftersom takytan i lager och terminaler ofta utg\u00f6r flera 1000-tal kvadratmeter, kan det vara betydande m\u00e4ngder kondens som utf\u00e4lls och b\u00f6rjar rinna och droppa.<\/span><\/p>\n<h3><span class=\"_5yl5\" style=\"color: #006aae;\"><strong>Erfo Guard AC&#8217;s s\u00e4tt att fungera.<\/strong><\/span><\/h3>\n<p><span class=\"_5yl5\">Normalt f\u00f6ljer kondensprocessen ett cykliskt f\u00f6rlopp. N\u00e4r solen g\u00e5r ned blir luften kallare och kondens uppst\u00e5r p\u00e5 metall-, glas- och liknande ytor N\u00e4r luften n\u00e4sta morgon v\u00e4rms upp igen b\u00f6rjar den utf\u00e4llda kondensen avdunsta.<\/span><\/p>\n<p><span class=\"_5yl5\">Nedan ges en beskrivning av kondens-cykeln i en oisolerad lokal med ett tak som f\u00f6r j\u00e4mf\u00f6relsens skull delvis best\u00e5r av obehandlad pl\u00e5t, delvis av Erfo Guard AC behandlad pl\u00e5t.<\/span><\/p>\n<h3><span class=\"_5yl5\" style=\"color: #006aae;\"><strong>Fas 0. Dagtid.<\/strong><\/span><\/h3>\n<p><span class=\"_5yl5\">En vanlig h\u00f6st- eller v\u00e5rdag har yttertemperaturen n\u00e5tt en h\u00f6gsta niv\u00e5 p\u00e5 +10\u02daC. Den relativa luftfuktigheten ligger p\u00e5 60%. Luften i den oisolerade lokalen h\u00e5ller ungef\u00e4r samma temperatur och luftfuktighet. Ingen kondens upptr\u00e4der p\u00e5 pl\u00e5ttakets undersida.<\/span><\/p>\n<h3><span class=\"_5yl5\" style=\"color: #006aae;\"><strong> Fas 1. Kv\u00e4ll.<\/strong><\/span><\/h3>\n<p><span class=\"_5yl5\">N\u00e4r solen g\u00e5tt ner sjunker yttertemperaturen snabbt, samtidigt som den relativa fuktigheten \u00f6kar. I den oisolerade lokalen sjunker temperaturen l\u00e5ngsammare och den relativa fuktigheten stiger motsvarande. N\u00e4r takpl\u00e5tens temperatur sjunkit till +3\u00b0C b\u00f6rjar kondens upptr\u00e4da p\u00e5 de obehandlade pl\u00e5tytorna. Erfo Guard AC skiktet isolerar. Daggpunkten s\u00e4nks p\u00e5 de behandlade ytorna Ingen kondens uppst\u00e5r d\u00e4r.<br \/>\n<\/span><\/p>\n<p><img loading=\"lazy\" decoding=\"async\" class=\"alignnone size-large wp-image-230\" src=\"http:\/\/kondensteknik.se\/wp-content\/uploads\/2017\/02\/bild2-1024x281.png\" alt=\"\" width=\"640\" height=\"176\" srcset=\"https:\/\/kondensteknik.se\/wp-content\/uploads\/2017\/02\/bild2-1024x281.png 1024w, https:\/\/kondensteknik.se\/wp-content\/uploads\/2017\/02\/bild2-300x82.png 300w, https:\/\/kondensteknik.se\/wp-content\/uploads\/2017\/02\/bild2-768x211.png 768w, https:\/\/kondensteknik.se\/wp-content\/uploads\/2017\/02\/bild2.png 1597w\" sizes=\"auto, (max-width: 640px) 100vw, 640px\" \/><\/p>\n<h3><span class=\"_5yl5\" style=\"color: #006aae;\"><strong>Fas 2. Natt.<\/strong><\/span><\/h3>\n<p><span class=\"_5yl5\">Temperaturen inne i lokalen sjunker ytterligare, sam tidigt som den relativa fuktigheten stiger. Kraftig kondens i droppform upp tr\u00e4der p\u00e5 de oisolerade pl\u00e5tytorna. Kondens uppst\u00e5r nu vid pl\u00e5tens yta under Erfo Guard AC &#8211; bel\u00e4ggningen. D\u00e4remot kan kondens inte uppst\u00e5 p\u00e5 Erfo Guard AC &#8211; bel\u00e4ggningens yta.<br \/>\nErfo Guard AC -bel\u00e4ggningens mikroporer adsorberar fukten och sprider den \u00f6ver hela ytan, d\u00e4r den ackumuleras eller under gynnsamma f\u00f6rh\u00e5llanden direkt avdunstar igen.<\/span><\/p>\n<p><img loading=\"lazy\" decoding=\"async\" class=\"alignnone size-large wp-image-231\" src=\"http:\/\/kondensteknik.se\/wp-content\/uploads\/2017\/02\/bild3-1024x323.png\" alt=\"\" width=\"640\" height=\"202\" srcset=\"https:\/\/kondensteknik.se\/wp-content\/uploads\/2017\/02\/bild3-1024x323.png 1024w, https:\/\/kondensteknik.se\/wp-content\/uploads\/2017\/02\/bild3-300x95.png 300w, https:\/\/kondensteknik.se\/wp-content\/uploads\/2017\/02\/bild3-768x242.png 768w, https:\/\/kondensteknik.se\/wp-content\/uploads\/2017\/02\/bild3.png 1604w\" sizes=\"auto, (max-width: 640px) 100vw, 640px\" \/><\/p>\n<h3><span class=\"_5yl5\" style=\"color: #006aae;\"><strong>Fas 3. Morgon<\/strong><\/span><\/h3>\n<p><span class=\"_5yl5\">Temperaturen stiger. Luftens relativa fuktighet sjunker. Den oisolerade pl\u00e5ten slutar s\u00e5 sm\u00e5ningom droppa och torkar efter hand. Erfo Guard AC &#8211; bel\u00e4ggningen torkar snabbt upp. P\u00e5 grund av mikroporernas storlek (br\u00e5kdelar av en mikron) bryts vattnets ytsp\u00e4nning och vattnet avdunstar snabbare \u00e4n fr\u00e5n den oisolerade pl\u00e5ten. <\/span><\/p>\n<p><img loading=\"lazy\" decoding=\"async\" class=\"alignnone size-large wp-image-232\" src=\"http:\/\/kondensteknik.se\/wp-content\/uploads\/2017\/02\/bild4-1024x319.png\" alt=\"\" width=\"640\" height=\"199\" srcset=\"https:\/\/kondensteknik.se\/wp-content\/uploads\/2017\/02\/bild4-1024x319.png 1024w, https:\/\/kondensteknik.se\/wp-content\/uploads\/2017\/02\/bild4-300x93.png 300w, https:\/\/kondensteknik.se\/wp-content\/uploads\/2017\/02\/bild4-768x239.png 768w, https:\/\/kondensteknik.se\/wp-content\/uploads\/2017\/02\/bild4.png 1581w\" sizes=\"auto, (max-width: 640px) 100vw, 640px\" \/><\/p>\n<h3><span class=\"_5yl5\" style=\"color: #006aae;\"><strong>Luftv\u00e4xling f\u00f6rb\u00e4ttrar kondensskyddet<\/strong><\/span><\/h3>\n<p><span class=\"_5yl5\">Under takytan bildas l\u00e4tt mikroklimat med 100% RF, \u00e4ven om den relativa fuktigheten i lokalen ligger betydligt l\u00e4gre. Speciellt g\u00e4ller detta om den oisolerade lokalen inneh\u00e5ller n\u00e5gon v\u00e4rmek\u00e4lla eller om n\u00e5gon fukt- eller v\u00e4rmeavgivande verksamhet p\u00e5g\u00e5r. D\u00e5 kan Erfo Guard AC skiktet inte avge fukt till omgivningen och det \u00e4r risk f\u00f6r att bel\u00e4ggningen m\u00e4ttas.<br \/>\nEn mycket svag luftstr\u00f6m \u00e4r tillr\u00e4cklig f\u00f6r att bryta upp detta mikroklimat varvid luftens fuktupptagningsf\u00f6rm\u00e5ga \u00e5ter tr\u00e4der i funktion.<br \/>\nVi kan d\u00e5 f\u00e5 en situation d\u00e4r kondens uppst\u00e5r vid pl\u00e5tytan under Erfo Guard AC skiktet, adsorberas och transporteras till Erfo Guard AC bel\u00e4ggningens yta d\u00e4r den avdunstar.<\/span><\/p>\n<p><img loading=\"lazy\" decoding=\"async\" class=\"alignnone size-large wp-image-229\" src=\"http:\/\/kondensteknik.se\/wp-content\/uploads\/2017\/02\/bild-1024x351.png\" alt=\"\" width=\"640\" height=\"219\" srcset=\"https:\/\/kondensteknik.se\/wp-content\/uploads\/2017\/02\/bild-1024x351.png 1024w, https:\/\/kondensteknik.se\/wp-content\/uploads\/2017\/02\/bild-300x103.png 300w, https:\/\/kondensteknik.se\/wp-content\/uploads\/2017\/02\/bild-768x263.png 768w, https:\/\/kondensteknik.se\/wp-content\/uploads\/2017\/02\/bild.png 1993w\" sizes=\"auto, (max-width: 640px) 100vw, 640px\" \/><\/p>\n","protected":false},"excerpt":{"rendered":"<p>Hur uppst\u00e5r kondens ? Kondens uppst\u00e5r n\u00e4r varm fuktig luft tr\u00e4ffar en tillr\u00e4ckligt kall yta. Luft kan v1d varje temperatur endast h\u00e5lla kvar en viss maximal m\u00e4ngd vatten\u00e5nga. Ju h\u00f6gre temperatur luften har desto mer vatten\u00e5nga kan luften b\u00e4ra. Om nu varm &#8221;om\u00e4ttad &#8221; luft tr\u00e4ffar en kall yta, och n\u00e5r den temperatur d\u00e4r luften [&hellip;]<\/p>\n","protected":false},"author":1,"featured_media":0,"parent":0,"menu_order":0,"comment_status":"closed","ping_status":"closed","template":"","meta":{"footnotes":""},"class_list":["post-218","page","type-page","status-publish","hentry"],"_links":{"self":[{"href":"https:\/\/kondensteknik.se\/index.php\/wp-json\/wp\/v2\/pages\/218","targetHints":{"allow":["GET"]}}],"collection":[{"href":"https:\/\/kondensteknik.se\/index.php\/wp-json\/wp\/v2\/pages"}],"about":[{"href":"https:\/\/kondensteknik.se\/index.php\/wp-json\/wp\/v2\/types\/page"}],"author":[{"embeddable":true,"href":"https:\/\/kondensteknik.se\/index.php\/wp-json\/wp\/v2\/users\/1"}],"replies":[{"embeddable":true,"href":"https:\/\/kondensteknik.se\/index.php\/wp-json\/wp\/v2\/comments?post=218"}],"version-history":[{"count":6,"href":"https:\/\/kondensteknik.se\/index.php\/wp-json\/wp\/v2\/pages\/218\/revisions"}],"predecessor-version":[{"id":700,"href":"https:\/\/kondensteknik.se\/index.php\/wp-json\/wp\/v2\/pages\/218\/revisions\/700"}],"wp:attachment":[{"href":"https:\/\/kondensteknik.se\/index.php\/wp-json\/wp\/v2\/media?parent=218"}],"curies":[{"name":"wp","href":"https:\/\/api.w.org\/{rel}","templated":true}]}}